{"id":451,"date":"2023-12-07T14:10:57","date_gmt":"2023-12-07T19:10:57","guid":{"rendered":"https:\/\/cfpmoccidente.com\/?page_id=451"},"modified":"2023-12-07T14:13:39","modified_gmt":"2023-12-07T19:13:39","slug":"aviso-de-privacidad","status":"publish","type":"page","link":"https:\/\/cfpmoccidente.com\/index.php\/aviso-de-privacidad\/","title":{"rendered":"Aviso de Privacidad"},"content":{"rendered":"\t\t<div data-elementor-type=\"wp-page\" data-elementor-id=\"451\" class=\"elementor elementor-451\" data-elementor-post-type=\"page\">\n\t\t\t\t\t\t\t<div class=\"elementor-element elementor-element-ee75eb2 e-flex e-con-boxed e-con e-parent\" data-id=\"ee75eb2\" data-element_type=\"container\" data-settings=\"{&quot;content_width&quot;:&quot;boxed&quot;}\" data-core-v316-plus=\"true\">\n\t\t\t\t\t<div class=\"e-con-inner\">\n\t\t\t\t<div class=\"elementor-element elementor-element-c1b7f0b elementor-widget elementor-widget-heading\" data-id=\"c1b7f0b\" data-element_type=\"widget\" data-widget_type=\"heading.default\">\n\t\t\t\t<div class=\"elementor-widget-container\">\n\t\t\t<style>\/*! elementor - v3.18.0 - 06-12-2023 *\/\n.elementor-heading-title{padding:0;margin:0;line-height:1}.elementor-widget-heading .elementor-heading-title[class*=elementor-size-]>a{color:inherit;font-size:inherit;line-height:inherit}.elementor-widget-heading .elementor-heading-title.elementor-size-small{font-size:15px}.elementor-widget-heading .elementor-heading-title.elementor-size-medium{font-size:19px}.elementor-widget-heading .elementor-heading-title.elementor-size-large{font-size:29px}.elementor-widget-heading .elementor-heading-title.elementor-size-xl{font-size:39px}.elementor-widget-heading .elementor-heading-title.elementor-size-xxl{font-size:59px}<\/style><h2 class=\"elementor-heading-title elementor-size-xl\">AVISO DE PRIVACIDAD<\/h2>\t\t<\/div>\n\t\t\t\t<\/div>\n\t\t\t\t\t<\/div>\n\t\t\t\t<\/div>\n\t\t<div class=\"elementor-element elementor-element-e06b68f e-flex e-con-boxed e-con e-parent\" data-id=\"e06b68f\" data-element_type=\"container\" data-settings=\"{&quot;content_width&quot;:&quot;boxed&quot;}\" data-core-v316-plus=\"true\">\n\t\t\t\t\t<div class=\"e-con-inner\">\n\t\t\t\t<div class=\"elementor-element elementor-element-867e0fa elementor-widget elementor-widget-text-editor\" data-id=\"867e0fa\" data-element_type=\"widget\" data-widget_type=\"text-editor.default\">\n\t\t\t\t<div class=\"elementor-widget-container\">\n\t\t\t<style>\/*! elementor - v3.18.0 - 06-12-2023 *\/\n.elementor-widget-text-editor.elementor-drop-cap-view-stacked .elementor-drop-cap{background-color:#69727d;color:#fff}.elementor-widget-text-editor.elementor-drop-cap-view-framed .elementor-drop-cap{color:#69727d;border:3px solid;background-color:transparent}.elementor-widget-text-editor:not(.elementor-drop-cap-view-default) .elementor-drop-cap{margin-top:8px}.elementor-widget-text-editor:not(.elementor-drop-cap-view-default) .elementor-drop-cap-letter{width:1em;height:1em}.elementor-widget-text-editor .elementor-drop-cap{float:left;text-align:center;line-height:1;font-size:50px}.elementor-widget-text-editor .elementor-drop-cap-letter{display:inline-block}<\/style>\t\t\t\t<p style=\"margin-bottom: 0px; padding-bottom: 1em; font-size: 16px; text-size-adjust: 100%; background-image: initial; background-position: initial; background-size: initial; background-repeat: initial; background-attachment: initial; background-origin: initial; background-clip: initial; color: #ffffff; font-family: Barlow, Helvetica, Arial, Lucida, sans-serif; font-style: normal; font-weight: 500; text-align: justify;\"><span style=\"margin: 0px; padding: 0px; border: 0px; outline: 0px; text-size-adjust: 100%; vertical-align: baseline; background: transparent; color: #333333;\"><span style=\"margin: 0px; padding: 0px; border: 0px; outline: 0px; text-size-adjust: 100%; vertical-align: baseline; background: transparent; font-weight: bold;\">AVISO DE PRIVACIDAD<\/span><\/span><\/p><p style=\"margin-bottom: 0px; padding-bottom: 1em; font-size: 16px; text-size-adjust: 100%; background-image: initial; background-position: initial; background-size: initial; background-repeat: initial; background-attachment: initial; background-origin: initial; background-clip: initial; color: #ffffff; font-family: Barlow, Helvetica, Arial, Lucida, sans-serif; font-style: normal; font-weight: 500; text-align: justify;\"><span style=\"margin: 0px; padding: 0px; border: 0px; outline: 0px; text-size-adjust: 100%; vertical-align: baseline; background: transparent; color: #333333;\">Centro de Formaci\u00f3n Profesional de M\u00e9xico, con sede en Colima \u2013 M\u00e9xico y en su portal de internet www.cfpmoccidente.com, es el responsable del uso y protecci\u00f3n de sus datos personales, y al respecto le informamos lo siguiente:<\/span><\/p><p style=\"margin-bottom: 0px; padding-bottom: 1em; font-size: 16px; text-size-adjust: 100%; background-image: initial; background-position: initial; background-size: initial; background-repeat: initial; background-attachment: initial; background-origin: initial; background-clip: initial; color: #ffffff; font-family: Barlow, Helvetica, Arial, Lucida, sans-serif; font-style: normal; font-weight: 500; text-align: justify;\"><span style=\"margin: 0px; padding: 0px; border: 0px; outline: 0px; text-size-adjust: 100%; vertical-align: baseline; background: transparent; color: #333333;\"><span style=\"margin: 0px; padding: 0px; border: 0px; outline: 0px; text-size-adjust: 100%; vertical-align: baseline; background: transparent; font-weight: bold;\">\u00bfPara qu\u00e9 fines utilizaremos sus datos personales?<\/span><\/span><\/p><p style=\"margin-bottom: 0px; padding-bottom: 1em; font-size: 16px; text-size-adjust: 100%; background-image: initial; background-position: initial; background-size: initial; background-repeat: initial; background-attachment: initial; background-origin: initial; background-clip: initial; color: #ffffff; font-family: Barlow, Helvetica, Arial, Lucida, sans-serif; font-style: normal; font-weight: 500; text-align: justify;\"><span style=\"margin: 0px; padding: 0px; border: 0px; outline: 0px; text-size-adjust: 100%; vertical-align: baseline; background: transparent; color: #333333;\">Los datos personales que recabamos de usted, los utilizaremos para las siguientes finalidades que son necesarias para el servicio que solicita:<\/span><\/p><p style=\"margin-bottom: 0px; padding-bottom: 1em; font-size: 16px; text-size-adjust: 100%; background-image: initial; background-position: initial; background-size: initial; background-repeat: initial; background-attachment: initial; background-origin: initial; background-clip: initial; color: #ffffff; font-family: Barlow, Helvetica, Arial, Lucida, sans-serif; font-style: normal; font-weight: 500; text-align: justify;\"><span style=\"margin: 0px; padding: 0px; border: 0px; outline: 0px; text-size-adjust: 100%; vertical-align: baseline; background: transparent; color: #333333;\">Respuesta a mensajes del formulario de contacto, Prestaci\u00f3n de cualquier servicio solicitado, Seguimiento personalizado v\u00eda, correo o tel\u00e9fono a fin de atender sus dudas y darle un servicio de asesor\u00eda en el tema de su inter\u00e9s dentro de los servicios presentados en nuestro portal web.<\/span><\/p><p style=\"margin-bottom: 0px; padding-bottom: 1em; font-size: 16px; text-size-adjust: 100%; background-image: initial; background-position: initial; background-size: initial; background-repeat: initial; background-attachment: initial; background-origin: initial; background-clip: initial; color: #ffffff; font-family: Barlow, Helvetica, Arial, Lucida, sans-serif; font-style: normal; font-weight: 500; text-align: justify;\"><span style=\"margin: 0px; padding: 0px; border: 0px; outline: 0px; text-size-adjust: 100%; vertical-align: baseline; background: transparent; color: #333333;\"><span style=\"margin: 0px; padding: 0px; border: 0px; outline: 0px; text-size-adjust: 100%; vertical-align: baseline; background: transparent; font-weight: bold;\">\u00bfQu\u00e9 datos personales utilizaremos para estos fines?<\/span><\/span><\/p><p style=\"margin-bottom: 0px; padding-bottom: 1em; font-size: 16px; text-size-adjust: 100%; background-image: initial; background-position: initial; background-size: initial; background-repeat: initial; background-attachment: initial; background-origin: initial; background-clip: initial; color: #ffffff; font-family: Barlow, Helvetica, Arial, Lucida, sans-serif; font-style: normal; font-weight: 500; text-align: justify;\"><span style=\"margin: 0px; padding: 0px; border: 0px; outline: 0px; text-size-adjust: 100%; vertical-align: baseline; background: transparent; color: #333333;\">Para llevar a cabo las finalidades descritas en el presente aviso de privacidad, utilizaremos los siguientes datos personales:<\/span><\/p><p style=\"margin-bottom: 0px; padding-bottom: 1em; font-size: 16px; text-size-adjust: 100%; background-image: initial; background-position: initial; background-size: initial; background-repeat: initial; background-attachment: initial; background-origin: initial; background-clip: initial; color: #ffffff; font-family: Barlow, Helvetica, Arial, Lucida, sans-serif; font-style: normal; font-weight: 500; text-align: justify;\"><span style=\"margin: 0px; padding: 0px; border: 0px; outline: 0px; text-size-adjust: 100%; vertical-align: baseline; background: transparent; color: #333333;\">Datos de identificaci\u00f3n y contacto proporcionados por usted dentro de nuestro formulario de contacto<\/span><\/p><p style=\"margin-bottom: 0px; padding-bottom: 1em; font-size: 16px; text-size-adjust: 100%; background-image: initial; background-position: initial; background-size: initial; background-repeat: initial; background-attachment: initial; background-origin: initial; background-clip: initial; color: #ffffff; font-family: Barlow, Helvetica, Arial, Lucida, sans-serif; font-style: normal; font-weight: 500; text-align: justify;\"><span style=\"margin: 0px; padding: 0px; border: 0px; outline: 0px; text-size-adjust: 100%; vertical-align: baseline; background: transparent; color: #333333;\"><span style=\"margin: 0px; padding: 0px; border: 0px; outline: 0px; text-size-adjust: 100%; vertical-align: baseline; background: transparent; font-weight: bold;\">\u00bfC\u00f3mo puede acceder, rectificar o cancelar sus datos personales, u oponerse a su uso o ejercer la revocaci\u00f3n de consentimiento?<\/span><\/span><\/p><p style=\"margin-bottom: 0px; padding-bottom: 1em; font-size: 16px; text-size-adjust: 100%; background-image: initial; background-position: initial; background-size: initial; background-repeat: initial; background-attachment: initial; background-origin: initial; background-clip: initial; color: #ffffff; font-family: Barlow, Helvetica, Arial, Lucida, sans-serif; font-style: normal; font-weight: 500; text-align: justify;\"><span style=\"margin: 0px; padding: 0px; border: 0px; outline: 0px; text-size-adjust: 100%; vertical-align: baseline; background: transparent; color: #333333;\">Usted tiene derecho a conocer qu\u00e9 datos personales tenemos de usted, para qu\u00e9 los utilizamos y las condiciones del uso que les damos (Acceso). Asi mismo, es su derecho solicitar la correcci\u00f3n de su informaci\u00f3n personal en caso de que est\u00e9 desactualizada, sea inexacta o incompleta (Rectificaci\u00f3n); que la eliminemos de nuestros registros o bases de datos cuando considere que la misma no est\u00e1 siendo utilizada adecuadamente (Cancelaci\u00f3n); as\u00ed como oponerse al uso de sus datos personales para fines espec\u00edficos (Oposici\u00f3n). Estos derechos se conocen como derechos ARCO.<\/span><\/p><p style=\"margin-bottom: 0px; padding-bottom: 1em; font-size: 16px; text-size-adjust: 100%; background-image: initial; background-position: initial; background-size: initial; background-repeat: initial; background-attachment: initial; background-origin: initial; background-clip: initial; color: #ffffff; font-family: Barlow, Helvetica, Arial, Lucida, sans-serif; font-style: normal; font-weight: 500; text-align: justify;\"><span style=\"margin: 0px; padding: 0px; border: 0px; outline: 0px; text-size-adjust: 100%; vertical-align: baseline; background: transparent; color: #333333;\">Para el ejercicio de cualquiera de los derechos ARCO, debe enviar una petici\u00f3n v\u00eda correo electr\u00f3nico a contacto@cfpmoccidente.com y deber\u00e1 contener:<\/span><\/p><ul style=\"margin: 0px; padding: 0px 0px 1em 1em; font-size: 16px; text-size-adjust: 100%; background-image: initial; background-position: initial; background-size: initial; background-repeat: initial; background-attachment: initial; background-origin: initial; background-clip: initial; line-height: 26px; color: #ffffff; font-family: Barlow, Helvetica, Arial, Lucida, sans-serif; font-style: normal; font-weight: 500; text-align: justify;\"><li style=\"font-size: 16px; text-size-adjust: 100%; background: transparent;\"><span style=\"margin: 0px; padding: 0px; border: 0px; outline: 0px; text-size-adjust: 100%; vertical-align: baseline; background: transparent; color: #333333;\"><span style=\"margin: 0px; padding: 0px; border: 0px; outline: 0px; text-size-adjust: 100%; vertical-align: baseline; background: transparent; font-weight: bold;\">Nombre completo del titular.<\/span><\/span><\/li><li style=\"font-size: 16px; text-size-adjust: 100%; background: transparent;\"><span style=\"margin: 0px; padding: 0px; border: 0px; outline: 0px; text-size-adjust: 100%; vertical-align: baseline; background: transparent; color: #333333;\"><span style=\"margin: 0px; padding: 0px; border: 0px; outline: 0px; text-size-adjust: 100%; vertical-align: baseline; background: transparent; font-weight: bold;\">Domicilio.<\/span><\/span><\/li><li style=\"font-size: 16px; text-size-adjust: 100%; background: transparent;\"><span style=\"margin: 0px; padding: 0px; border: 0px; outline: 0px; text-size-adjust: 100%; vertical-align: baseline; background: transparent; color: #333333;\"><span style=\"margin: 0px; padding: 0px; border: 0px; outline: 0px; text-size-adjust: 100%; vertical-align: baseline; background: transparent; font-weight: bold;\">Tel\u00e9fono.<\/span><\/span><\/li><li style=\"font-size: 16px; text-size-adjust: 100%; background: transparent;\"><span style=\"margin: 0px; padding: 0px; border: 0px; outline: 0px; text-size-adjust: 100%; vertical-align: baseline; background: transparent; color: #333333;\"><span style=\"margin: 0px; padding: 0px; border: 0px; outline: 0px; text-size-adjust: 100%; vertical-align: baseline; background: transparent; font-weight: bold;\">Correo electr\u00f3nico usado en este sitio web.<\/span><\/span><\/li><li style=\"font-size: 16px; text-size-adjust: 100%; background: transparent;\"><span style=\"margin: 0px; padding: 0px; border: 0px; outline: 0px; text-size-adjust: 100%; vertical-align: baseline; background: transparent; color: #333333;\"><span style=\"margin: 0px; padding: 0px; border: 0px; outline: 0px; text-size-adjust: 100%; vertical-align: baseline; background: transparent; font-weight: bold;\">Copia de una identificaci\u00f3n oficial adjunta.<\/span><\/span><\/li><li style=\"font-size: 16px; text-size-adjust: 100%; background: transparent;\"><span style=\"margin: 0px; padding: 0px; border: 0px; outline: 0px; text-size-adjust: 100%; vertical-align: baseline; background: transparent; color: #333333;\"><span style=\"margin: 0px; padding: 0px; border: 0px; outline: 0px; text-size-adjust: 100%; vertical-align: baseline; background: transparent; font-weight: bold;\">Asunto \u00abDerechos ARCO\u00bb<\/span><\/span><\/li><\/ul><p style=\"margin-bottom: 0px; padding-bottom: 1em; font-size: 16px; text-size-adjust: 100%; background-image: initial; background-position: initial; background-size: initial; background-repeat: initial; background-attachment: initial; background-origin: initial; background-clip: initial; color: #ffffff; font-family: Barlow, Helvetica, Arial, Lucida, sans-serif; font-style: normal; font-weight: 500; text-align: justify;\"><span style=\"margin: 0px; padding: 0px; border: 0px; outline: 0px; text-size-adjust: 100%; vertical-align: baseline; background: transparent; color: #333333;\">Descripci\u00f3n el objeto del escrito, los cuales pueden ser de manera enunciativa m\u00e1s no limitativa los siguientes: Revocaci\u00f3n del consentimiento para tratar sus datos personales; y\/o Notificaci\u00f3n del uso indebido del tratamiento de sus datos personales; y\/o Ejercitar sus Derechos ARCO, con una descripci\u00f3n clara y precisa de los datos a Acceder, Rectificar, Cancelar o bien, Oponerse. En caso de Rectificaci\u00f3n de datos personales, deber\u00e1 indicar la modificaci\u00f3n exacta y anexar la documentaci\u00f3n soporte; es importante en caso de revocaci\u00f3n del consentimiento, que tenga en cuenta que no en todos los casos podremos atender su solicitud o concluir el uso de forma inmediata, ya que es posible que por alguna obligaci\u00f3n legal requiramos seguir tratando sus datos personales. Asimismo, usted deber\u00e1 considerar que para ciertos fines, la revocaci\u00f3n de su consentimiento implicar\u00e1 que no le podamos seguir prestando el servicio que nos solicit\u00f3, o la conclusi\u00f3n de su relaci\u00f3n con nosotros.<\/span><\/p><p style=\"margin-bottom: 0px; padding-bottom: 1em; font-size: 16px; text-size-adjust: 100%; background-image: initial; background-position: initial; background-size: initial; background-repeat: initial; background-attachment: initial; background-origin: initial; background-clip: initial; color: #ffffff; font-family: Barlow, Helvetica, Arial, Lucida, sans-serif; font-style: normal; font-weight: 500; text-align: justify;\"><span style=\"margin: 0px; padding: 0px; border: 0px; outline: 0px; text-size-adjust: 100%; vertical-align: baseline; background: transparent; color: #333333;\"><span style=\"margin: 0px; padding: 0px; border: 0px; outline: 0px; text-size-adjust: 100%; vertical-align: baseline; background: transparent; font-weight: bold;\">\u00bfEn cu\u00e1ntos d\u00edas le daremos respuesta a su solicitud?<\/span><\/span><br \/><span style=\"margin: 0px; padding: 0px; border: 0px; outline: 0px; text-size-adjust: 100%; vertical-align: baseline; background: transparent; color: #333333;\">5 d\u00edas<\/span><\/p><p style=\"margin-bottom: 0px; padding-bottom: 1em; font-size: 16px; text-size-adjust: 100%; background-image: initial; background-position: initial; background-size: initial; background-repeat: initial; background-attachment: initial; background-origin: initial; background-clip: initial; color: #ffffff; font-family: Barlow, Helvetica, Arial, Lucida, sans-serif; font-style: normal; font-weight: 500; text-align: justify;\"><span style=\"margin: 0px; padding: 0px; border: 0px; outline: 0px; text-size-adjust: 100%; vertical-align: baseline; background: transparent; color: #333333;\"><span style=\"margin: 0px; padding: 0px; border: 0px; outline: 0px; text-size-adjust: 100%; vertical-align: baseline; background: transparent; font-weight: bold;\">d) \u00bfPor qu\u00e9 medio le comunicaremos la respuesta a su solicitud?<\/span><\/span><br \/><span style=\"margin: 0px; padding: 0px; border: 0px; outline: 0px; text-size-adjust: 100%; vertical-align: baseline; background: transparent; color: #333333;\">contacto@cfpmoccidente.com<\/span><\/p><p style=\"margin-bottom: 0px; padding-bottom: 1em; font-size: 16px; text-size-adjust: 100%; background-image: initial; background-position: initial; background-size: initial; background-repeat: initial; background-attachment: initial; background-origin: initial; background-clip: initial; color: #ffffff; font-family: Barlow, Helvetica, Arial, Lucida, sans-serif; font-style: normal; font-weight: 500; text-align: justify;\"><span style=\"margin: 0px; padding: 0px; border: 0px; outline: 0px; text-size-adjust: 100%; vertical-align: baseline; background: transparent; color: #333333;\"><span style=\"margin: 0px; padding: 0px; border: 0px; outline: 0px; text-size-adjust: 100%; vertical-align: baseline; background: transparent; font-weight: bold;\">El uso de tecnolog\u00edas de rastreo en nuestro portal de internet<\/span><\/span><\/p><p style=\"margin-bottom: 0px; padding-bottom: 1em; font-size: 16px; text-size-adjust: 100%; background-image: initial; background-position: initial; background-size: initial; background-repeat: initial; background-attachment: initial; background-origin: initial; background-clip: initial; color: #ffffff; font-family: Barlow, Helvetica, Arial, Lucida, sans-serif; font-style: normal; font-weight: 500; text-align: justify;\"><span style=\"margin: 0px; padding: 0px; border: 0px; outline: 0px; text-size-adjust: 100%; vertical-align: baseline; background: transparent; color: #333333;\">Le informamos que en nuestra p\u00e1gina de internet utilizamos cookies, web beacons u otras tecnolog\u00edas, a trav\u00e9s de las cuales es posible monitorear su comportamiento como usuario de internet, as\u00ed como brindarle un mejor servicio y experiencia al navegar en nuestra p\u00e1gina. Los datos personales que obtenemos de estas tecnolog\u00edas de rastreo son los siguientes:<\/span><\/p><p style=\"margin-bottom: 0px; padding-bottom: 1em; font-size: 16px; text-size-adjust: 100%; background-image: initial; background-position: initial; background-size: initial; background-repeat: initial; background-attachment: initial; background-origin: initial; background-clip: initial; color: #ffffff; font-family: Barlow, Helvetica, Arial, Lucida, sans-serif; font-style: normal; font-weight: 500; text-align: justify;\"><span style=\"margin: 0px; padding: 0px; border: 0px; outline: 0px; text-size-adjust: 100%; vertical-align: baseline; background: transparent; color: #333333;\">Identificadores, nombre de usuario y contrase\u00f1as de sesi\u00f3n, Regi\u00f3n en la que se encuentra el usuario<\/span><br \/><span style=\"margin: 0px; padding: 0px; border: 0px; outline: 0px; text-size-adjust: 100%; vertical-align: baseline; background: transparent; color: #333333;\">email y tel\u00e9fono<\/span><\/p><p style=\"margin-bottom: 0px; padding-bottom: 1em; font-size: 16px; text-size-adjust: 100%; background-image: initial; background-position: initial; background-size: initial; background-repeat: initial; background-attachment: initial; background-origin: initial; background-clip: initial; color: #ffffff; font-family: Barlow, Helvetica, Arial, Lucida, sans-serif; font-style: normal; font-weight: 500; text-align: justify;\"><span style=\"margin: 0px; padding: 0px; border: 0px; outline: 0px; text-size-adjust: 100%; vertical-align: baseline; background: transparent; color: #333333;\">Estas cookies, web beacons y otras tecnolog\u00edas pueden ser deshabilitadas. Para conocer c\u00f3mo hacerlo, consulte el men\u00fa de ayuda de su navegador. Tenga en cuenta que, en caso de desactivar las cookies, es posible que no pueda acceder a ciertas funciones personalizadas en nuestros sitio web.<\/span><\/p><p style=\"margin-bottom: 0px; padding-bottom: 1em; font-size: 16px; text-size-adjust: 100%; background-image: initial; background-position: initial; background-size: initial; background-repeat: initial; background-attachment: initial; background-origin: initial; background-clip: initial; color: #ffffff; font-family: Barlow, Helvetica, Arial, Lucida, sans-serif; font-style: normal; font-weight: 500; text-align: justify;\"><span style=\"margin: 0px; padding: 0px; border: 0px; outline: 0px; text-size-adjust: 100%; vertical-align: baseline; background: transparent; color: #333333;\"><span style=\"margin: 0px; padding: 0px; border: 0px; outline: 0px; text-size-adjust: 100%; vertical-align: baseline; background: transparent; font-weight: bold;\">\u00bfC\u00f3mo puede conocer los cambios en este aviso de privacidad?<\/span><\/span><\/p><p style=\"margin-bottom: 0px; padding-bottom: 1em; font-size: 16px; text-size-adjust: 100%; background-image: initial; background-position: initial; background-size: initial; background-repeat: initial; background-attachment: initial; background-origin: initial; background-clip: initial; color: #ffffff; font-family: Barlow, Helvetica, Arial, Lucida, sans-serif; font-style: normal; font-weight: 500; text-align: justify;\"><span style=\"margin: 0px; padding: 0px; border: 0px; outline: 0px; text-size-adjust: 100%; vertical-align: baseline; background: transparent; color: #333333;\">El presente aviso de privacidad puede sufrir modificaciones, cambios o actualizaciones derivadas de nuevos requerimientos legales; de nuestras propias necesidades por los productos o servicios que ofrecemos; de nuestras pr\u00e1cticas de privacidad; de cambios en nuestro modelo de negocio, o por otras causas. Nos comprometemos a mantener actualizado este aviso de privacidad sobre los cambios que pueda sufrir y siempre podr\u00e1 consultar las actualizaciones que existan en el sitio web www.cfpmoccidente.com<\/span><\/p><p style=\"margin-bottom: 0px; font-size: 16px; text-size-adjust: 100%; background-image: initial; background-position: initial; background-size: initial; background-repeat: initial; background-attachment: initial; background-origin: initial; background-clip: initial; color: #ffffff; font-family: Barlow, Helvetica, Arial, Lucida, sans-serif; font-style: normal; font-weight: 500; text-align: justify;\"><span style=\"margin: 0px; padding: 0px; border: 0px; outline: 0px; text-size-adjust: 100%; vertical-align: baseline; background: transparent; color: #333333;\">\u00daltima actualizaci\u00f3n de este\u00a0<a style=\"margin: 0px; padding: 0px; border: 0px; outline: 0px; text-size-adjust: 100%; vertical-align: baseline; background-image: initial; background-position: initial; background-size: initial; background-repeat: initial; background-attachment: initial; background-origin: initial; background-clip: initial; color: #333333;\" href=\"https:\/\/markethax.com\/generador-aviso-de-privacidad\/\" target=\"_blank\" rel=\"noopener\" aria-label=\"aviso de privacidad (opens in a new tab)\">aviso de privacidad<\/a>: 27\/09\/2023<\/span><\/p>\t\t\t\t\t\t<\/div>\n\t\t\t\t<\/div>\n\t\t\t\t\t<\/div>\n\t\t\t\t<\/div>\n\t\t\t\t\t\t\t<\/div>\n\t\t","protected":false},"excerpt":{"rendered":"<p>AVISO DE PRIVACIDAD AVISO DE PRIVACIDAD Centro de Formaci\u00f3n Profesional de M\u00e9xico, con sede en Colima \u2013 M\u00e9xico y en su portal de internet www.cfpmoccidente.com, es el responsable del uso y protecci\u00f3n de sus datos personales, y al respecto le informamos lo siguiente: \u00bfPara qu\u00e9 fines utilizaremos sus datos personales? Los datos personales que recabamos &hellip;<\/p>\n<p class=\"read-more\"> <a class=\"\" href=\"https:\/\/cfpmoccidente.com\/index.php\/aviso-de-privacidad\/\"> <span class=\"screen-reader-text\">Aviso de Privacidad<\/span> Leer m\u00e1s &raquo;<\/a><\/p>\n","protected":false},"author":1,"featured_media":0,"parent":0,"menu_order":0,"comment_status":"closed","ping_status":"closed","template":"","meta":{"site-sidebar-layout":"no-sidebar","site-content-layout":"","ast-site-content-layout":"full-width-container","site-content-style":"default","site-sidebar-style":"default","ast-global-header-display":"","ast-banner-title-visibility":"","ast-main-header-display":"","ast-hfb-above-header-display":"","ast-hfb-below-header-display":"","ast-hfb-mobile-header-display":"","site-post-title":"disabled","ast-breadcrumbs-content":"","ast-featured-img":"disabled","footer-sml-layout":"","theme-transparent-header-meta":"","adv-header-id-meta":"","stick-header-meta":"","header-above-stick-meta":"","header-main-stick-meta":"","header-below-stick-meta":"","astra-migrate-meta-layouts":"","ast-page-background-enabled":"default","ast-page-background-meta":{"desktop":{"background-color":"var(--ast-global-color-4)","background-image":"","background-repeat":"repeat","background-position":"center center","background-size":"auto","background-attachment":"scroll","background-type":"","background-media":"","overlay-type":"","overlay-color":"","overlay-gradient":""},"tablet":{"background-color":"","background-image":"","background-repeat":"repeat","background-position":"center center","background-size":"auto","background-attachment":"scroll","background-type":"","background-media":"","overlay-type":"","overlay-color":"","overlay-gradient":""},"mobile":{"background-color":"","background-image":"","background-repeat":"repeat","background-position":"center center","background-size":"auto","background-attachment":"scroll","background-type":"","background-media":"","overlay-type":"","overlay-color":"","overlay-gradient":""}},"ast-content-background-meta":{"desktop":{"background-color":"var(--ast-global-color-5)","background-image":"","background-repeat":"repeat","background-position":"center center","background-size":"auto","background-attachment":"scroll","background-type":"","background-media":"","overlay-type":"","overlay-color":"","overlay-gradient":""},"tablet":{"background-color":"var(--ast-global-color-5)","background-image":"","background-repeat":"repeat","background-position":"center center","background-size":"auto","background-attachment":"scroll","background-type":"","background-media":"","overlay-type":"","overlay-color":"","overlay-gradient":""},"mobile":{"background-color":"var(--ast-global-color-5)","background-image":"","background-repeat":"repeat","background-position":"center center","background-size":"auto","background-attachment":"scroll","background-type":"","background-media":"","overlay-type":"","overlay-color":"","overlay-gradient":""}},"footnotes":""},"_links":{"self":[{"href":"https:\/\/cfpmoccidente.com\/index.php\/wp-json\/wp\/v2\/pages\/451"}],"collection":[{"href":"https:\/\/cfpmoccidente.com\/index.php\/wp-json\/wp\/v2\/pages"}],"about":[{"href":"https:\/\/cfpmoccidente.com\/index.php\/wp-json\/wp\/v2\/types\/page"}],"author":[{"embeddable":true,"href":"https:\/\/cfpmoccidente.com\/index.php\/wp-json\/wp\/v2\/users\/1"}],"replies":[{"embeddable":true,"href":"https:\/\/cfpmoccidente.com\/index.php\/wp-json\/wp\/v2\/comments?post=451"}],"version-history":[{"count":4,"href":"https:\/\/cfpmoccidente.com\/index.php\/wp-json\/wp\/v2\/pages\/451\/revisions"}],"predecessor-version":[{"id":456,"href":"https:\/\/cfpmoccidente.com\/index.php\/wp-json\/wp\/v2\/pages\/451\/revisions\/456"}],"wp:attachment":[{"href":"https:\/\/cfpmoccidente.com\/index.php\/wp-json\/wp\/v2\/media?parent=451"}],"curies":[{"name":"wp","href":"https:\/\/api.w.org\/{rel}","templated":true}]}}